{"id":442725,"date":"2022-08-02T10:08:39","date_gmt":"2022-08-02T10:08:39","guid":{"rendered":"https:\/\/sanremofestival.info\/?page_id=442725"},"modified":"2025-02-19T13:34:59","modified_gmt":"2025-02-19T13:34:59","slug":"entradas-festival-de-san-remo-2023","status":"publish","type":"page","link":"https:\/\/sanremofestival.info\/es\/","title":{"rendered":"Entradas Festival de San Remo"},"content":{"rendered":"<p>[et_pb_section fb_built=\u00bb1&#8243; fullwidth=\u00bbon\u00bb _builder_version=\u00bb4.16&#8243; _module_preset=\u00bbdefault\u00bb global_colors_info=\u00bb{}\u00bb][et_pb_fullwidth_slider _builder_version=\u00bb4.27.4&#8243; _module_preset=\u00bbdefault\u00bb header_font=\u00bbPoppins||||||||\u00bb header_font_size=\u00bb61px\u00bb custom_button=\u00bbon\u00bb button_text_size=\u00bb18px\u00bb button_bg_color=\u00bb#000000&#8243; button_border_width=\u00bb0px\u00bb button_border_radius=\u00bb0px\u00bb button_letter_spacing=\u00bb2px\u00bb button_on_hover=\u00bboff\u00bb min_height=\u00bb450px\u00bb custom_margin=\u00bb||||false|false\u00bb custom_padding=\u00bb200px||||false|false\u00bb box_shadow_style_button=\u00bbpreset3&#8243; locked=\u00bboff\u00bb global_colors_info=\u00bb{}\u00bb][et_pb_slide heading=\u00bbCarlo Conti presenta el Festival de Sanremo 2025&#8243; button_text=\u00bbLISTA DE ESPERA 2026&#8243; button_link=\u00bbhttps:\/\/sanremofestival.info\/es\/lista-de-espera-festival-sanremo-2024\/\u00bb url_new_window=\u00bbon\u00bb use_text_overlay=\u00bbon\u00bb text_overlay_color=\u00bbrgba(0,0,0,0.1)\u00bb _builder_version=\u00bb4.27.4&#8243; _module_preset=\u00bbdefault\u00bb header_font=\u00bbPlayfair Display||||||||\u00bb header_font_size=\u00bb42px\u00bb body_font=\u00bb||||||||\u00bb body_font_size=\u00bb18px\u00bb background_enable_color=\u00bboff\u00bb background_image=\u00bbhttps:\/\/sanremofestival.info\/wp-content\/uploads\/2024\/05\/carlo_conti_presentatore_festival_di_sanremo_2025.jpg\u00bb background_enable_image=\u00bbon\u00bb custom_padding=\u00bb||||false|false\u00bb text_shadow_style=\u00bbpreset1&#8243; locked=\u00bboff\u00bb global_colors_info=\u00bb{}\u00bb sticky_transition=\u00bbon\u00bb]<\/p>\n<p><strong>\u00a1Inscr\u00edbete ahora en la Lista de Espera 2025 para asistir a las cinco veladas del 11 al 15 de febrero!<\/strong><\/p>\n<p>[\/et_pb_slide][\/et_pb_fullwidth_slider][\/et_pb_section][et_pb_section fb_built=\u00bb1&#8243; _builder_version=\u00bb4.16&#8243; _module_preset=\u00bbdefault\u00bb background_color=\u00bbrgba(0,0,0,0.75)\u00bb background_image=\u00bbhttps:\/\/sanremofestival.info\/wp-content\/uploads\/2022\/06\/larisa-birta-slbOcNlWNHA-unsplash.jpg\u00bb background_blend=\u00bbmultiply\u00bb box_shadow_style=\u00bbpreset6&#8243; global_colors_info=\u00bb{}\u00bb][et_pb_row admin_label=\u00bbRiga\u00bb _builder_version=\u00bb4.16&#8243; _module_preset=\u00bbdefault\u00bb global_colors_info=\u00bb{}\u00bb][et_pb_column type=\u00bb4_4&#8243; _builder_version=\u00bb4.16&#8243; _module_preset=\u00bbdefault\u00bb global_colors_info=\u00bb{}\u00bb][et_pb_divider color=\u00bb#FFFFFF\u00bb admin_label=\u00bbModulo Separatore\u00bb _builder_version=\u00bb4.16&#8243; _module_preset=\u00bbdefault\u00bb width=\u00bb20%\u00bb module_alignment=\u00bbcenter\u00bb global_colors_info=\u00bb{}\u00bb][\/et_pb_divider][et_pb_text _builder_version=\u00bb4.23.2&#8243; _module_preset=\u00bbdefault\u00bb text_font=\u00bbPlayfair Display||||||||\u00bb text_text_color=\u00bb#FFFFFF\u00bb text_font_size=\u00bb32px\u00bb text_letter_spacing=\u00bb2px\u00bb text_line_height=\u00bb1.2em\u00bb text_orientation=\u00bbcenter\u00bb background_layout=\u00bbdark\u00bb global_colors_info=\u00bb{}\u00bb]<\/p>\n<p style=\"text-align: center; font-size: 32px;\">Festival de Sanremo <br \/><span style=\"text-align: center; font-size: 24px;\"><em>del 11 al 15 de febrero 2025<\/em><br \/>Teatro Ariston<br \/>Sanremo<\/span><\/p>\n<p>[\/et_pb_text][et_pb_divider color=\u00bb#FFFFFF\u00bb admin_label=\u00bbModulo Separatore\u00bb _builder_version=\u00bb4.16&#8243; _module_preset=\u00bbdefault\u00bb width=\u00bb20%\u00bb module_alignment=\u00bbcenter\u00bb global_colors_info=\u00bb{}\u00bb][\/et_pb_divider][et_pb_text _builder_version=\u00bb4.16&#8243; _module_preset=\u00bbdefault\u00bb text_text_color=\u00bb#FFFFFF\u00bb text_font_size=\u00bb18px\u00bb text_orientation=\u00bbcenter\u00bb background_layout=\u00bbdark\u00bb global_colors_info=\u00bb{}\u00bb]<\/p>\n<p style=\"text-align: center;\">\nEl Festival de la Canci\u00f3n Italiana de Sanremo naci\u00f3 en 1950,<br \/>\na lo largo de los a\u00f1os se ha consolidado como el evento de disfraces m\u00e1s importante de nuestro pa\u00eds.<br \/>\nNo pierda la oportunidad de respirar el ambiente de la ciudad durante la semana del festival, es una oportunidad que un verdadero fan\u00e1tico de la m\u00fasica italiana no puede perder al menos una vez en la vida.<\/p>\n<p style=\"text-align: center;\"><strong><span style=\"font-size: 20px;\">Para eso estamos: para ayudarle a realizar su sue\u00f1o de Sanremo.<\/span><\/strong><\/p>\n<p>[\/et_pb_text][\/et_pb_column][\/et_pb_row][et_pb_row column_structure=\u00bb1_3,1_3,1_3&#8243; _builder_version=\u00bb4.16&#8243; _module_preset=\u00bbdefault\u00bb global_colors_info=\u00bb{}\u00bb][et_pb_column type=\u00bb1_3&#8243; _builder_version=\u00bb4.16&#8243; _module_preset=\u00bbdefault\u00bb global_colors_info=\u00bb{}\u00bb][et_pb_cta title=\u00bbASIENTOS\u00bb button_url=\u00bbhttps:\/\/sanremofestival.info\/es\/tickets-festival-de-san-remo\/\u00bb url_new_window=\u00bbon\u00bb button_text=\u00bbDESCUBRE\u00bb admin_label=\u00bbBIGLIETTI\u00bb _builder_version=\u00bb4.16&#8243; _module_preset=\u00bbdefault\u00bb header_font=\u00bb|600|||||||\u00bb header_font_size=\u00bb20px\u00bb header_letter_spacing=\u00bb2px\u00bb header_line_height=\u00bb1.2em\u00bb background_enable_color=\u00bboff\u00bb custom_button=\u00bbon\u00bb button_text_size=\u00bb16px\u00bb button_bg_color=\u00bb#000000&#8243; button_border_width=\u00bb1px\u00bb button_border_color=\u00bb#FFFFFF\u00bb button_border_radius=\u00bb0px\u00bb button_icon=\u00bb&#xf3ff;||fa||900&#8243; button_on_hover=\u00bboff\u00bb link_option_url=\u00bbhttps:\/\/sanremofestival.info\/es\/tickets-festival-de-san-remo\/\u00bb link_option_url_new_window=\u00bbon\u00bb global_colors_info=\u00bb{}\u00bb]Descubra c\u00f3mo conseguir asientos en el Teatro Ariston para asistir al evento m\u00e1s esperado del a\u00f1o. \u00a1Entradas limitadas![\/et_pb_cta][\/et_pb_column][et_pb_column type=\u00bb1_3&#8243; _builder_version=\u00bb4.16&#8243; _module_preset=\u00bbdefault\u00bb global_colors_info=\u00bb{}\u00bb][et_pb_cta title=\u00bbPREVENTA\u00bb button_url=\u00bbhttps:\/\/sanremofestival.info\/es\/lista-de-espera-festival-sanremo\/\u00bb url_new_window=\u00bbon\u00bb button_text=\u00bbLISTA DE ESPERA\u00bb admin_label=\u00bbWAITING LIST\u00bb _builder_version=\u00bb4.27.4&#8243; _module_preset=\u00bbdefault\u00bb header_font=\u00bb|600|||||||\u00bb header_font_size=\u00bb20px\u00bb header_letter_spacing=\u00bb2px\u00bb header_line_height=\u00bb1.2em\u00bb background_enable_color=\u00bboff\u00bb custom_button=\u00bbon\u00bb button_text_size=\u00bb16px\u00bb button_bg_color=\u00bb#000000&#8243; button_border_width=\u00bb1px\u00bb button_border_color=\u00bb#FFFFFF\u00bb button_border_radius=\u00bb0px\u00bb button_icon=\u00bb&#x6c;||divi||400&#8243; button_on_hover=\u00bboff\u00bb global_colors_info=\u00bb{}\u00bb]Inscr\u00edbase en exclusiva en nuestra lista de espera del Festival de Sanremo 2025 para que le avisemos de la disponibilidad de entradas.[\/et_pb_cta][\/et_pb_column][et_pb_column type=\u00bb1_3&#8243; _builder_version=\u00bb4.16&#8243; _module_preset=\u00bbdefault\u00bb global_colors_info=\u00bb{}\u00bb][et_pb_cta title=\u00bbPAQUETES\u00bb button_url=\u00bbhttps:\/\/sanremofestival.info\/es\/paquetes-festival-san-remo\/\u00bb url_new_window=\u00bbon\u00bb button_text=\u00bbDESCUBRE\u00bb admin_label=\u00bbPACCHETTI\u00bb _builder_version=\u00bb4.23.2&#8243; _module_preset=\u00bbdefault\u00bb header_font=\u00bb|600|||||||\u00bb header_font_size=\u00bb20px\u00bb header_letter_spacing=\u00bb2px\u00bb header_line_height=\u00bb1.2em\u00bb background_enable_color=\u00bboff\u00bb custom_button=\u00bbon\u00bb button_text_size=\u00bb16px\u00bb button_bg_color=\u00bb#000000&#8243; button_border_width=\u00bb1px\u00bb button_border_color=\u00bb#FFFFFF\u00bb button_border_radius=\u00bb0px\u00bb button_icon=\u00bb&#xe033;||divi||400&#8243; button_on_hover=\u00bboff\u00bb global_colors_info=\u00bb{}\u00bb]Compre nuestros paquetes del Festival di Sanremo 2025 y viva toda la magia de la verdadera ciudad de la m\u00fasica italiana.[\/et_pb_cta][\/et_pb_column][\/et_pb_row][\/et_pb_section][et_pb_section fb_built=\u00bb1&#8243; admin_label=\u00bbSezione\u00bb _builder_version=\u00bb4.16&#8243; _module_preset=\u00bbdefault\u00bb background_color=\u00bb#FFFFFF\u00bb background_color_gradient_start=\u00bb#512f11&#8243; background_color_gradient_end=\u00bb#000000&#8243; global_colors_info=\u00bb{}\u00bb][et_pb_row module_id=\u00bb#serate\u00bb _builder_version=\u00bb4.16&#8243; _module_preset=\u00bbdefault\u00bb global_colors_info=\u00bb{}\u00bb][et_pb_column type=\u00bb4_4&#8243; _builder_version=\u00bb4.16&#8243; _module_preset=\u00bbdefault\u00bb global_colors_info=\u00bb{}\u00bb][et_pb_cta title=\u00bbLAS NOCHES DEL FESTIVAL\u00bb url_new_window=\u00bbon\u00bb admin_label=\u00bbTITOLO SERATE\u00bb _builder_version=\u00bb4.16&#8243; _module_preset=\u00bbdefault\u00bb header_font=\u00bb|600|||||||\u00bb header_font_size=\u00bb32px\u00bb header_letter_spacing=\u00bb2px\u00bb header_line_height=\u00bb1.2em\u00bb background_enable_color=\u00bboff\u00bb custom_button=\u00bbon\u00bb button_text_size=\u00bb18px\u00bb button_bg_color=\u00bb#000000&#8243; button_border_width=\u00bb1px\u00bb button_border_color=\u00bb#FFFFFF\u00bb button_border_radius=\u00bb0px\u00bb button_icon=\u00bb&#xf3ff;||fa||900&#8243; button_on_hover=\u00bboff\u00bb background_layout=\u00bblight\u00bb link_option_url_new_window=\u00bbon\u00bb global_colors_info=\u00bb{}\u00bb]<\/p>\n<p>Las <strong>5 noches del Festival de la Canci\u00f3n Italiana<\/strong> tendr\u00e1n lugar en el <strong>Teatro Ariston, febrero de 2025<\/strong>. Le aconsejamos que reserve el paquete de 5 noches para tener m\u00e1s posibilidades de acceder al evento. Todav\u00eda es posible reservar noches individuales.<\/p>\n<p>[\/et_pb_cta][\/et_pb_column][\/et_pb_row][et_pb_row column_structure=\u00bb1_5,1_5,1_5,1_5,1_5&#8243; _builder_version=\u00bb4.17.4&#8243; _module_preset=\u00bbdefault\u00bb background_enable_color=\u00bboff\u00bb border_color_top=\u00bb#0C71C3&#8243; border_style_top=\u00bbdashed\u00bb global_colors_info=\u00bb{}\u00bb][et_pb_column type=\u00bb1_5&#8243; _builder_version=\u00bb4.17.4&#8243; _module_preset=\u00bbdefault\u00bb background_color=\u00bb#f9f9f9&#8243; border_width_top=\u00bb2px\u00bb border_color_top=\u00bb#d7b740&#8243; border_style_top=\u00bbdashed\u00bb global_colors_info=\u00bb{}\u00bb][et_pb_text _builder_version=\u00bb4.23.2&#8243; _module_preset=\u00bbdefault\u00bb header_text_color=\u00bb#000000&#8243; custom_margin=\u00bb10px||||false|false\u00bb border_style_top=\u00bbdashed\u00bb global_colors_info=\u00bb{}\u00bb]<\/p>\n<p style=\"text-align: center;\"><span style=\"font-size: 24PX;\">1\u00b0 NOCHE<\/span><br \/><strong>11 FEBRERO 2025<\/strong><\/p>\n<p>[\/et_pb_text][et_pb_button button_url=\u00bbhttps:\/\/sanremofestival.info\/es\/contacte-con-nosotros-festival-de-san-remo\/\u00bb button_text=\u00bbENTRADAS\u00bb _builder_version=\u00bb4.17.4&#8243; _module_preset=\u00bbdefault\u00bb custom_button=\u00bbon\u00bb button_text_color=\u00bb#d7b740&#8243; button_bg_color=\u00bb#141414&#8243; button_border_width=\u00bb0px\u00bb button_border_radius=\u00bb0px\u00bb button_icon=\u00bb&#xf3ff;||fa||900&#8243; button_icon_color=\u00bb#d7b740&#8243; button_on_hover=\u00bboff\u00bb global_colors_info=\u00bb{}\u00bb][\/et_pb_button][\/et_pb_column][et_pb_column type=\u00bb1_5&#8243; _builder_version=\u00bb4.17.4&#8243; _module_preset=\u00bbdefault\u00bb background_color=\u00bb#f9f9f9&#8243; border_width_top=\u00bb2px\u00bb border_color_top=\u00bb#d7b740&#8243; border_style_top=\u00bbdashed\u00bb global_colors_info=\u00bb{}\u00bb][et_pb_text _builder_version=\u00bb4.23.2&#8243; _module_preset=\u00bbdefault\u00bb header_text_color=\u00bb#000000&#8243; custom_margin=\u00bb10px||||false|false\u00bb border_style_top=\u00bbdashed\u00bb global_colors_info=\u00bb{}\u00bb]<\/p>\n<p style=\"text-align: center;\"><span style=\"font-size: 24PX;\">2\u00b0 NOCHE<\/span><br \/><strong>12 FEBRERO 2025<\/strong><\/p>\n<p>[\/et_pb_text][et_pb_button button_url=\u00bbhttps:\/\/sanremofestival.info\/es\/contacte-con-nosotros-festival-de-san-remo\/\u00bb button_text=\u00bbENTRADAS\u00bb _builder_version=\u00bb4.17.4&#8243; _module_preset=\u00bbdefault\u00bb custom_button=\u00bbon\u00bb button_text_color=\u00bb#d7b740&#8243; button_bg_color=\u00bb#141414&#8243; button_border_width=\u00bb0px\u00bb button_border_radius=\u00bb0px\u00bb button_icon=\u00bb&#xf3ff;||fa||900&#8243; button_icon_color=\u00bb#d7b740&#8243; button_on_hover=\u00bboff\u00bb global_colors_info=\u00bb{}\u00bb][\/et_pb_button][\/et_pb_column][et_pb_column type=\u00bb1_5&#8243; _builder_version=\u00bb4.17.4&#8243; _module_preset=\u00bbdefault\u00bb background_color=\u00bb#f9f9f9&#8243; border_width_top=\u00bb2px\u00bb border_color_top=\u00bb#d7b740&#8243; border_style_top=\u00bbdashed\u00bb global_colors_info=\u00bb{}\u00bb][et_pb_text _builder_version=\u00bb4.23.2&#8243; _module_preset=\u00bbdefault\u00bb header_text_color=\u00bb#000000&#8243; background_enable_color=\u00bboff\u00bb custom_margin=\u00bb10px||||false|false\u00bb border_color_top=\u00bb#0C71C3&#8243; border_style_top=\u00bbdashed\u00bb global_colors_info=\u00bb{}\u00bb]<\/p>\n<p style=\"text-align: center;\"><span style=\"font-size: 24PX;\">3\u00b0 NOCHE<\/span><br \/><strong>13 FEBRERO 2025<\/strong><\/p>\n<p>[\/et_pb_text][et_pb_button button_url=\u00bbhttps:\/\/sanremofestival.info\/es\/contacte-con-nosotros-festival-de-san-remo\/\u00bb button_text=\u00bbENTRADAS\u00bb _builder_version=\u00bb4.17.4&#8243; _module_preset=\u00bbdefault\u00bb custom_button=\u00bbon\u00bb button_text_color=\u00bb#d7b740&#8243; button_bg_color=\u00bb#141414&#8243; button_border_width=\u00bb0px\u00bb button_border_radius=\u00bb0px\u00bb button_icon=\u00bb&#xf3ff;||fa||900&#8243; button_icon_color=\u00bb#d7b740&#8243; button_on_hover=\u00bboff\u00bb global_colors_info=\u00bb{}\u00bb][\/et_pb_button][\/et_pb_column][et_pb_column type=\u00bb1_5&#8243; _builder_version=\u00bb4.17.4&#8243; _module_preset=\u00bbdefault\u00bb background_color=\u00bb#f9f9f9&#8243; border_width_top=\u00bb2px\u00bb border_color_top=\u00bb#d7b740&#8243; border_style_top=\u00bbdashed\u00bb global_colors_info=\u00bb{}\u00bb][et_pb_text _builder_version=\u00bb4.23.2&#8243; _module_preset=\u00bbdefault\u00bb header_text_color=\u00bb#000000&#8243; custom_margin=\u00bb10px||||false|false\u00bb border_style_top=\u00bbdashed\u00bb global_colors_info=\u00bb{}\u00bb]<\/p>\n<p style=\"text-align: center;\"><span style=\"font-size: 24PX;\">4\u00b0 NOCHE<\/span><br \/><strong><span style=\"font-color: blue;\"><\/span>14 FEBRERO 2025<\/strong><\/p>\n<p>[\/et_pb_text][et_pb_button button_url=\u00bbhttps:\/\/sanremofestival.info\/es\/contacte-con-nosotros-festival-de-san-remo\/\u00bb button_text=\u00bbENTRADAS\u00bb _builder_version=\u00bb4.17.4&#8243; _module_preset=\u00bbdefault\u00bb custom_button=\u00bbon\u00bb button_text_color=\u00bb#d7b740&#8243; button_bg_color=\u00bb#141414&#8243; button_border_width=\u00bb0px\u00bb button_border_radius=\u00bb0px\u00bb button_icon=\u00bb&#xf3ff;||fa||900&#8243; button_icon_color=\u00bb#d7b740&#8243; button_on_hover=\u00bboff\u00bb global_colors_info=\u00bb{}\u00bb][\/et_pb_button][\/et_pb_column][et_pb_column type=\u00bb1_5&#8243; _builder_version=\u00bb4.17.4&#8243; _module_preset=\u00bbdefault\u00bb background_color=\u00bb#f9f9f9&#8243; border_width_top=\u00bb2px\u00bb border_color_top=\u00bb#d7b740&#8243; border_style_top=\u00bbdashed\u00bb global_colors_info=\u00bb{}\u00bb][et_pb_text _builder_version=\u00bb4.23.2&#8243; _module_preset=\u00bbdefault\u00bb header_text_color=\u00bb#000000&#8243; custom_margin=\u00bb10px||||false|false\u00bb border_style_top=\u00bbdashed\u00bb global_colors_info=\u00bb{}\u00bb]<\/p>\n<p style=\"text-align: center;\"><span style=\"font-size: 24PX;\">5\u00b0 NOCHE<\/span><br \/><strong><span style=\"font-color: blue;\"><\/span>15 FEBRERO 2025<\/strong><\/p>\n<p>[\/et_pb_text][et_pb_button button_url=\u00bbhttps:\/\/sanremofestival.info\/es\/contacte-con-nosotros-festival-de-san-remo\/\u00bb button_text=\u00bbENTRADAS\u00bb _builder_version=\u00bb4.17.4&#8243; _module_preset=\u00bbdefault\u00bb custom_button=\u00bbon\u00bb button_text_color=\u00bb#d7b740&#8243; button_bg_color=\u00bb#141414&#8243; button_border_width=\u00bb0px\u00bb button_border_radius=\u00bb0px\u00bb button_icon=\u00bb&#xf3ff;||fa||900&#8243; button_icon_color=\u00bb#d7b740&#8243; button_on_hover=\u00bboff\u00bb global_colors_info=\u00bb{}\u00bb][\/et_pb_button][\/et_pb_column][\/et_pb_row][\/et_pb_section][et_pb_section fb_built=\u00bb1&#8243; _builder_version=\u00bb4.16&#8243; _module_preset=\u00bbdefault\u00bb background_color=\u00bb#cfb04c\u00bb box_shadow_style=\u00bbpreset6&#8243; global_colors_info=\u00bb{}\u00bb][et_pb_row _builder_version=\u00bb4.16&#8243; _module_preset=\u00bbdefault\u00bb global_colors_info=\u00bb{}\u00bb][et_pb_column type=\u00bb4_4&#8243; _builder_version=\u00bb4.16&#8243; _module_preset=\u00bbdefault\u00bb global_colors_info=\u00bb{}\u00bb][et_pb_cta title=\u00bbDescubra nuestros servicios\u00bb url_new_window=\u00bbon\u00bb admin_label=\u00bbSERVIZI TITOLO\u00bb _builder_version=\u00bb4.19.5&#8243; _module_preset=\u00bbdefault\u00bb header_font=\u00bbStalemate|600|||||||\u00bb header_font_size=\u00bb52px\u00bb header_line_height=\u00bb1.2em\u00bb body_text_align=\u00bbcenter\u00bb body_font_size=\u00bb18px\u00bb background_enable_color=\u00bboff\u00bb custom_button=\u00bbon\u00bb button_text_size=\u00bb18px\u00bb button_bg_color=\u00bb#000000&#8243; button_border_width=\u00bb1px\u00bb button_border_color=\u00bb#FFFFFF\u00bb button_border_radius=\u00bb0px\u00bb button_icon=\u00bb&#xf3ff;||fa||900&#8243; button_on_hover=\u00bboff\u00bb link_option_url_new_window=\u00bbon\u00bb global_colors_info=\u00bb{}\u00bb]Somos una agencia receptiva que opera en Sanremo y en todo el pa\u00eds. Durante la semana del Festival de la Canci\u00f3n Italiana ofrecemos una serie de servicios para hacer m\u00e1s c\u00f3moda su estancia: alquiler de pisos, villas y hoteles seleccionados, traslados al aeropuerto, as\u00ed como servicios de asistencia, belleza y seguridad. [\/et_pb_cta][\/et_pb_column][\/et_pb_row][et_pb_row column_structure=\u00bb1_5,1_5,1_5,1_5,1_5&#8243; _builder_version=\u00bb4.16&#8243; _module_preset=\u00bbdefault\u00bb global_colors_info=\u00bb{}\u00bb][et_pb_column type=\u00bb1_5&#8243; _builder_version=\u00bb4.16&#8243; _module_preset=\u00bbdefault\u00bb global_colors_info=\u00bb{}\u00bb][et_pb_image src=\u00bbhttps:\/\/sanremofestival.info\/wp-content\/uploads\/2022\/07\/servizio-prenotazione-hotel-festival-di-sanremo.jpg\u00bb alt=\u00bbreserva de hotel en el festival de sanremo\u00bb title_text=\u00bbservicio-hotel-reserva-festival-de-sanremo\u00bb _builder_version=\u00bb4.17.4&#8243; _module_preset=\u00bbdefault\u00bb box_shadow_style=\u00bbpreset3&#8243; global_colors_info=\u00bb{}\u00bb][\/et_pb_image][et_pb_text _builder_version=\u00bb4.17.6&#8243; _module_preset=\u00bbdefault\u00bb text_text_color=\u00bb#FFFFFF\u00bb header_3_text_align=\u00bbleft\u00bb header_3_font_size=\u00bb20px\u00bb background_layout=\u00bbdark\u00bb link_option_url=\u00bbhttps:\/\/sanremofestival.info\/hotel-festival-di-sanremo-2\/\u00bb global_colors_info=\u00bb{}\u00bb]<span style=\"font-size:20px;\">HOTEL<\/span><br \/>\nReserve un hotel en Sanremo desde el que pueda llegar f\u00e1cilmente al Teatro Ariston[\/et_pb_text][et_pb_button button_url=\u00bbhttps:\/\/sanremofestival.info\/es\/hoteles-festival-de-san-remo\/\u00bb url_new_window=\u00bbon\u00bb button_text=\u00bbDESCUBRE\u00bb _builder_version=\u00bb4.17.6&#8243; _module_preset=\u00bbdefault\u00bb custom_button=\u00bbon\u00bb button_text_size=\u00bb16px\u00bb button_text_color=\u00bb#FFFFFF\u00bb button_bg_color=\u00bb#000000&#8243; button_border_width=\u00bb0px\u00bb button_border_color=\u00bb#FFFFFF\u00bb button_border_radius=\u00bb0px\u00bb box_shadow_style=\u00bbpreset3&#8243; global_colors_info=\u00bb{}\u00bb][\/et_pb_button][\/et_pb_column][et_pb_column type=\u00bb1_5&#8243; _builder_version=\u00bb4.16&#8243; _module_preset=\u00bbdefault\u00bb global_colors_info=\u00bb{}\u00bb][et_pb_image src=\u00bbhttps:\/\/sanremofestival.info\/wp-content\/uploads\/2022\/07\/servizio-transfer-festival-di-sanremo.jpg\u00bb alt=\u00bbreservar el traslado del hotel festival di sanremo al aeropuerto\u00bb title_text=\u00bbservicio-traslado-festival-de-sanremo \u00bb _builder_version=\u00bb4.17.4&#8243; _module_preset=\u00bbdefault\u00bb box_shadow_style=\u00bbpreset3&#8243; global_colors_info=\u00bb{}\u00bb][\/et_pb_image][et_pb_text _builder_version=\u00bb4.17.6&#8243; _module_preset=\u00bbdefault\u00bb text_text_color=\u00bb#FFFFFF\u00bb header_font_size=\u00bb18px\u00bb header_3_text_align=\u00bbleft\u00bb header_3_font_size=\u00bb20px\u00bb background_layout=\u00bbdark\u00bb link_option_url=\u00bbhttps:\/\/sanremofestival.info\/es\/servicio-de-traslados-festival-de-san-remo-2022\/\u00bb global_colors_info=\u00bb{}\u00bb]<span style=\"font-size:20px;\">TRANSFER<\/span><br \/>\nReserve un transfer desde el aeropuerto o la estaci\u00f3n de tren para continuar su viaje.[\/et_pb_text][et_pb_button button_url=\u00bbhttps:\/\/sanremofestival.info\/es\/servicio-de-traslados-festival-de-san-remo\/\u00bb url_new_window=\u00bbon\u00bb button_text=\u00bbDESCUBRE\u00bb _builder_version=\u00bb4.27.4&#8243; _module_preset=\u00bbdefault\u00bb custom_button=\u00bbon\u00bb button_text_size=\u00bb16px\u00bb button_text_color=\u00bb#FFFFFF\u00bb button_bg_color=\u00bb#000000&#8243; button_border_width=\u00bb0px\u00bb button_border_color=\u00bb#FFFFFF\u00bb button_border_radius=\u00bb0px\u00bb hover_enabled=\u00bb0&#8243; box_shadow_style=\u00bbpreset3&#8243; global_colors_info=\u00bb{}\u00bb sticky_enabled=\u00bb0&#8243;][\/et_pb_button][\/et_pb_column][et_pb_column type=\u00bb1_5&#8243; _builder_version=\u00bb4.16&#8243; _module_preset=\u00bbdefault\u00bb global_colors_info=\u00bb{}\u00bb][et_pb_image src=\u00bbhttps:\/\/sanremofestival.info\/wp-content\/uploads\/2022\/07\/servizi-esclusivi-vip-prenota-festival-di-sanremo.jpg\u00bb alt=\u00bbservicios exclusivos vip reservar el festival de sanremo\u00bb title_text=\u00bbservicios exclusivos vip reservar el festival de sanremo\u00bb _builder_version=\u00bb4.17.4&#8243; _module_preset=\u00bbdefault\u00bb box_shadow_style=\u00bbpreset3&#8243; global_colors_info=\u00bb{}\u00bb][\/et_pb_image][et_pb_text _builder_version=\u00bb4.17.6&#8243; _module_preset=\u00bbdefault\u00bb text_text_color=\u00bb#FFFFFF\u00bb header_font_size=\u00bb18px\u00bb header_3_text_align=\u00bbleft\u00bb header_3_font_size=\u00bb20px\u00bb background_layout=\u00bbdark\u00bb link_option_url=\u00bbhttps:\/\/sanremofestival.info\/servizi-festival-di-sanremo\/\u00bb global_colors_info=\u00bb{}\u00bb]<span style=\"font-size:20px;\">SERVICIOS<\/span><br \/>\nReserve servicios exclusivos como seguridad, equipamiento, peluquer\u00eda y mucho m\u00e1s.[\/et_pb_text][et_pb_button button_url=\u00bbhttps:\/\/sanremofestival.info\/es\/contacte-con-nosotros-festival-de-san-remo\/\u00bb url_new_window=\u00bbon\u00bb button_text=\u00bbDESCUBRE\u00bb _builder_version=\u00bb4.17.6&#8243; _module_preset=\u00bbdefault\u00bb custom_button=\u00bbon\u00bb button_text_size=\u00bb16px\u00bb button_text_color=\u00bb#FFFFFF\u00bb button_bg_color=\u00bb#000000&#8243; button_border_width=\u00bb0px\u00bb button_border_color=\u00bb#FFFFFF\u00bb button_border_radius=\u00bb0px\u00bb box_shadow_style=\u00bbpreset3&#8243; global_colors_info=\u00bb{}\u00bb][\/et_pb_button][\/et_pb_column][et_pb_column type=\u00bb1_5&#8243; _builder_version=\u00bb4.16&#8243; _module_preset=\u00bbdefault\u00bb global_colors_info=\u00bb{}\u00bb][et_pb_image src=\u00bbhttps:\/\/sanremofestival.info\/wp-content\/uploads\/2022\/07\/agenzie-viaggi-sanremo-festival.jpg\u00bb alt=\u00bbagencias de viajes festival de sanremo\u00bb title_text=\u00bbagencias de viajes festival de sanremo\u00bb _builder_version=\u00bb4.17.4&#8243; _module_preset=\u00bbdefault\u00bb box_shadow_style=\u00bbpreset3&#8243; global_colors_info=\u00bb{}\u00bb][\/et_pb_image][et_pb_text _builder_version=\u00bb4.17.6&#8243; _module_preset=\u00bbdefault\u00bb text_text_color=\u00bb#FFFFFF\u00bb header_font_size=\u00bb18px\u00bb header_3_text_align=\u00bbleft\u00bb header_3_font_size=\u00bb20px\u00bb background_layout=\u00bbdark\u00bb link_option_url=\u00bbhttps:\/\/sanremofestival.info\/es\/?page_id=442228&#8243; link_option_url_new_window=\u00bbon\u00bb global_colors_info=\u00bb{}\u00bb]<span style=\"font-size:20px;\">AGENCIAS<\/span><br \/>\nP\u00f3ngase en contacto con nosotros para aprovechar los servicios espec\u00edficos para los clientes de su agencia de viajes.[\/et_pb_text][et_pb_button button_url=\u00bbhttps:\/\/sanremofestival.info\/es\/contacte-con-nosotros-festival-de-san-remo\/\u00bb url_new_window=\u00bbon\u00bb button_text=\u00bbDESCUBRE\u00bb _builder_version=\u00bb4.17.6&#8243; _module_preset=\u00bbdefault\u00bb custom_button=\u00bbon\u00bb button_text_size=\u00bb16px\u00bb button_text_color=\u00bb#FFFFFF\u00bb button_bg_color=\u00bb#000000&#8243; button_border_width=\u00bb0px\u00bb button_border_color=\u00bb#FFFFFF\u00bb button_border_radius=\u00bb0px\u00bb box_shadow_style=\u00bbpreset3&#8243; global_colors_info=\u00bb{}\u00bb][\/et_pb_button][\/et_pb_column][et_pb_column type=\u00bb1_5&#8243; _builder_version=\u00bb4.16&#8243; _module_preset=\u00bbdefault\u00bb global_colors_info=\u00bb{}\u00bb][et_pb_image src=\u00bbhttps:\/\/sanremofestival.info\/wp-content\/uploads\/2022\/07\/gruppi-e-aziende-sanremo-festival.jpg\u00bb alt=\u00bbgrupos y empresas festival de sanremo\u00bb title_text=\u00bbgrupos y empresas festival de sanremo\u00bb _builder_version=\u00bb4.17.4&#8243; _module_preset=\u00bbdefault\u00bb box_shadow_style=\u00bbpreset3&#8243; global_colors_info=\u00bb{}\u00bb][\/et_pb_image][et_pb_text _builder_version=\u00bb4.17.6&#8243; _module_preset=\u00bbdefault\u00bb text_text_color=\u00bb#FFFFFF\u00bb header_font_size=\u00bb18px\u00bb header_3_text_align=\u00bbleft\u00bb header_3_font_size=\u00bb20px\u00bb background_layout=\u00bbdark\u00bb link_option_url=\u00bbhttps:\/\/sanremofestival.info\/es\/empresas-y-grupos-festival-de-san-remo\/\u00bb global_colors_info=\u00bb{}\u00bb]<span style=\"font-size:20px;\">EMPRESAS<\/span><br \/>\nReserve servicios para que su grupo participe en un evento de gran inter\u00e9s.[\/et_pb_text][et_pb_button button_url=\u00bbhttps:\/\/sanremofestival.info\/es\/empresas-y-grupos-festival-de-san-remo\/\u00bb url_new_window=\u00bbon\u00bb button_text=\u00bbDESCUBRE\u00bb _builder_version=\u00bb4.17.6&#8243; _module_preset=\u00bbdefault\u00bb custom_button=\u00bbon\u00bb button_text_size=\u00bb16px\u00bb button_text_color=\u00bb#FFFFFF\u00bb button_bg_color=\u00bb#000000&#8243; button_border_width=\u00bb0px\u00bb button_border_color=\u00bb#FFFFFF\u00bb button_border_radius=\u00bb0px\u00bb box_shadow_style=\u00bbpreset3&#8243; global_colors_info=\u00bb{}\u00bb][\/et_pb_button][\/et_pb_column][\/et_pb_row][\/et_pb_section][et_pb_section fb_built=\u00bb1&#8243; _builder_version=\u00bb4.16&#8243; _module_preset=\u00bbdefault\u00bb global_colors_info=\u00bb{}\u00bb][et_pb_row module_id=\u00bb#serate\u00bb _builder_version=\u00bb4.16&#8243; _module_preset=\u00bbdefault\u00bb global_colors_info=\u00bb{}\u00bb][et_pb_column type=\u00bb4_4&#8243; _builder_version=\u00bb4.16&#8243; _module_preset=\u00bbdefault\u00bb global_colors_info=\u00bb{}\u00bb][et_pb_cta title=\u00bbNOTICIAS DEL FESTIVAL DI SANREMO\u00bb url_new_window=\u00bbon\u00bb admin_label=\u00bbTITOLO NEWS DI TWITTER\u00bb _builder_version=\u00bb4.17.6&#8243; _module_preset=\u00bbdefault\u00bb header_font=\u00bb|600|||||||\u00bb header_font_size=\u00bb32px\u00bb header_letter_spacing=\u00bb2px\u00bb header_line_height=\u00bb1.2em\u00bb background_enable_color=\u00bboff\u00bb custom_button=\u00bbon\u00bb button_text_size=\u00bb18px\u00bb button_bg_color=\u00bb#000000&#8243; button_border_width=\u00bb1px\u00bb button_border_color=\u00bb#FFFFFF\u00bb button_border_radius=\u00bb0px\u00bb button_icon=\u00bb&#xf3ff;||fa||900&#8243; button_on_hover=\u00bboff\u00bb background_layout=\u00bblight\u00bb link_option_url_new_window=\u00bbon\u00bb global_colors_info=\u00bb{}\u00bb][\/et_pb_cta][et_pb_code _builder_version=\u00bb4.16&#8243; _module_preset=\u00bbdefault\u00bb text_orientation=\u00bbcenter\u00bb global_colors_info=\u00bb{}\u00bb]<a class=\"twitter-timeline\" href=\"https:\/\/twitter.com\/SanremoRai\" data-widget-id=\"418914278599434240\">Tweets di @SanremoRai<\/a><!-- [et_pb_line_break_holder] --><!-- [et_pb_line_break_holder] --><!-- [et_pb_line_break_holder] --><script>!function(d,s,id){var js,fjs=d.getElementsByTagName(s)[0],p=\/^http:\/.test(d.location)?'http':'https';if(!d.getElementById(id)){js=d.createElement(s);js.id=id;js.src=p+\":\/\/platform.twitter.com\/widgets.js\";fjs.parentNode.insertBefore(js,fjs);}}(document,\"script\",\"twitter-wjs\");<\/script><!-- [et_pb_line_break_holder] --><!-- [et_pb_line_break_holder] --><!-- [et_pb_line_break_holder] -->[\/et_pb_code][\/et_pb_column][\/et_pb_row][\/et_pb_section]<\/p>\n","protected":false},"excerpt":{"rendered":"<p>\u00a1Inscr\u00edbete ahora en la Lista de Espera 2025 para asistir a las cinco veladas del 11 al 15 de febrero!Festival de Sanremo del 11 al 15 de febrero 2025Teatro AristonSanremo El Festival de la Canci\u00f3n Italiana de Sanremo naci\u00f3 en 1950, a lo largo de los a\u00f1os se ha consolidado como el evento de disfraces [&hellip;]<\/p>\n","protected":false},"author":66,"featured_media":0,"parent":0,"menu_order":0,"comment_status":"closed","ping_status":"closed","template":"","meta":{"_et_pb_use_builder":"on","_et_pb_old_content":"","_et_gb_content_width":"","footnotes":""},"class_list":["post-442725","page","type-page","status-publish","hentry"],"_links":{"self":[{"href":"https:\/\/sanremofestival.info\/es\/wp-json\/wp\/v2\/pages\/442725","targetHints":{"allow":["GET"]}}],"collection":[{"href":"https:\/\/sanremofestival.info\/es\/wp-json\/wp\/v2\/pages"}],"about":[{"href":"https:\/\/sanremofestival.info\/es\/wp-json\/wp\/v2\/types\/page"}],"author":[{"embeddable":true,"href":"https:\/\/sanremofestival.info\/es\/wp-json\/wp\/v2\/users\/66"}],"replies":[{"embeddable":true,"href":"https:\/\/sanremofestival.info\/es\/wp-json\/wp\/v2\/comments?post=442725"}],"version-history":[{"count":17,"href":"https:\/\/sanremofestival.info\/es\/wp-json\/wp\/v2\/pages\/442725\/revisions"}],"predecessor-version":[{"id":444389,"href":"https:\/\/sanremofestival.info\/es\/wp-json\/wp\/v2\/pages\/442725\/revisions\/444389"}],"wp:attachment":[{"href":"https:\/\/sanremofestival.info\/es\/wp-json\/wp\/v2\/media?parent=442725"}],"curies":[{"name":"wp","href":"https:\/\/api.w.org\/{rel}","templated":true}]}}