{"id":257908,"date":"2017-09-11T21:42:10","date_gmt":"2017-09-11T21:42:10","guid":{"rendered":"http:\/\/sanremofestival.info\/fr\/page-dacceuil\/"},"modified":"2022-05-10T16:05:40","modified_gmt":"2022-05-10T16:05:40","slug":"page-dacceuil","status":"publish","type":"page","link":"https:\/\/sanremofestival.info\/fr\/page-dacceuil\/","title":{"rendered":"Page d&rsquo;acceuil festival de San Remo"},"content":{"rendered":"<p>[et_pb_section fb_built=\u00a0\u00bb1&Prime; fullwidth=\u00a0\u00bbon\u00a0\u00bb _builder_version=\u00a0\u00bb4.14.2&Prime; _module_preset=\u00a0\u00bbdefault\u00a0\u00bb global_colors_info=\u00a0\u00bb{}\u00a0\u00bb][et_pb_fullwidth_slider _builder_version=\u00a0\u00bb4.14.2&Prime; _module_preset=\u00a0\u00bbdefault\u00a0\u00bb header_font=\u00a0\u00bbPoppins||||||||\u00a0\u00bb header_font_size=\u00a0\u00bb61px\u00a0\u00bb min_height=\u00a0\u00bb450px\u00a0\u00bb locked=\u00a0\u00bboff\u00a0\u00bb global_colors_info=\u00a0\u00bb{}\u00a0\u00bb][et_pb_slide heading=\u00a0\u00bbSANREMO FESTIVAL 2023&Prime; _builder_version=\u00a0\u00bb4.14.2&Prime; _module_preset=\u00a0\u00bbdefault\u00a0\u00bb header_font=\u00a0\u00bbPoppins|700|||||||\u00a0\u00bb header_font_size=\u00a0\u00bb42px\u00a0\u00bb body_font_size=\u00a0\u00bb36px\u00a0\u00bb background_image=\u00a0\u00bbhttps:\/\/sanremofestival.info\/wp-content\/uploads\/2021\/08\/amadeus-sanremo-festival-2020.jpg\u00a0\u00bb background_enable_image=\u00a0\u00bbon\u00a0\u00bb header_text_shadow_style=\u00a0\u00bbpreset1&Prime; locked=\u00a0\u00bboff\u00a0\u00bb global_colors_info=\u00a0\u00bb{}\u00a0\u00bb sticky_transition=\u00a0\u00bbon\u00a0\u00bb]<\/p>\n<p>Du 7 au 11 F\u00e9vrier<\/p>\n<p>[\/et_pb_slide][et_pb_slide _builder_version=\u00a0\u00bb4.14.2&Prime; _module_preset=\u00a0\u00bbdefault\u00a0\u00bb background_image=\u00a0\u00bbhttps:\/\/sanremofestival.info\/wp-content\/uploads\/2017\/09\/teatro-ariston-festival-di-sanremo.jpeg\u00a0\u00bb background_enable_image=\u00a0\u00bbon\u00a0\u00bb locked=\u00a0\u00bboff\u00a0\u00bb global_colors_info=\u00a0\u00bb{}\u00a0\u00bb sticky_transition=\u00a0\u00bbon\u00a0\u00bb][\/et_pb_slide][\/et_pb_fullwidth_slider][\/et_pb_section][et_pb_section fb_built=\u00a0\u00bb1&Prime; specialty=\u00a0\u00bbon\u00a0\u00bb module_class=\u00a0\u00bbhome_page_section_sidebar\u00a0\u00bb _builder_version=\u00a0\u00bb4.5.1&Prime; _module_preset=\u00a0\u00bbdefault\u00a0\u00bb custom_padding=\u00a0\u00bb0px||||false|false\u00a0\u00bb global_colors_info=\u00a0\u00bb{}\u00a0\u00bb][et_pb_column type=\u00a0\u00bb3_4&Prime; specialty_columns=\u00a0\u00bb3&Prime; _builder_version=\u00a0\u00bb3.25&Prime; custom_padding=\u00a0\u00bb|||\u00a0\u00bb global_colors_info=\u00a0\u00bb{}\u00a0\u00bb custom_padding__hover=\u00a0\u00bb|||\u00a0\u00bb][et_pb_row_inner _builder_version=\u00a0\u00bb4.5.1&Prime; _module_preset=\u00a0\u00bbdefault\u00a0\u00bb global_colors_info=\u00a0\u00bb{}\u00a0\u00bb][et_pb_column_inner saved_specialty_column_type=\u00a0\u00bb3_4&Prime; _builder_version=\u00a0\u00bb4.5.1&Prime; _module_preset=\u00a0\u00bbdefault\u00a0\u00bb global_colors_info=\u00a0\u00bb{}\u00a0\u00bb][et_pb_text _builder_version=\u00a0\u00bb4.14.2&Prime; _module_preset=\u00a0\u00bbdefault\u00a0\u00bb header_3_font=\u00a0\u00bb|700||on|||||\u00a0\u00bb header_3_font_size=\u00a0\u00bb24px\u00a0\u00bb hover_enabled=\u00a0\u00bb0&Prime; header_3_font_size_tablet=\u00a0\u00bb20px\u00a0\u00bb header_3_font_size_phone=\u00a0\u00bb\u00a0\u00bb header_3_font_size_last_edited=\u00a0\u00bbon|desktop\u00a0\u00bb header_3_letter_spacing_last_edited=\u00a0\u00bboff|desktop\u00a0\u00bb global_colors_info=\u00a0\u00bb{}\u00a0\u00bb sticky_enabled=\u00a0\u00bb0&Prime;]<\/p>\n<h3 style=\"text-align: left;\">Video du Festival de Sanremo<\/h3>\n<p>[\/et_pb_text][\/et_pb_column_inner][\/et_pb_row_inner][et_pb_row_inner column_structure=\u00a0\u00bb1_3,1_3,1_3&Prime; _builder_version=\u00a0\u00bb4.5.1&Prime; _module_preset=\u00a0\u00bbdefault\u00a0\u00bb custom_padding=\u00a0\u00bb0px||0px||true|false\u00a0\u00bb global_colors_info=\u00a0\u00bb{}\u00a0\u00bb][et_pb_column_inner type=\u00a0\u00bb1_3&Prime; saved_specialty_column_type=\u00a0\u00bb3_4&Prime; module_class=\u00a0\u00bbblurb_col_1&Prime; _builder_version=\u00a0\u00bb4.5.1&Prime; _module_preset=\u00a0\u00bbdefault\u00a0\u00bb global_colors_info=\u00a0\u00bb{}\u00a0\u00bb][et_pb_blurb title=\u00a0\u00bbVincitore Nuove Proposte 2020&Prime; url=\u00a0\u00bbhttps:\/\/www.youtube.com\/watch?v=4biQJz2eRuU&#038;feature=youtu.be\u00a0\u00bb image=\u00a0\u00bbhttps:\/\/sanremofestival.info\/wp-content\/uploads\/2021\/08\/leo-gassmann-vincitore-sanremo-nuove-proposte.jpg\u00a0\u00bb _builder_version=\u00a0\u00bb4.13.0&Prime; _module_preset=\u00a0\u00bbdefault\u00a0\u00bb header_font=\u00a0\u00bb|600|||||||\u00a0\u00bb header_text_align=\u00a0\u00bbcenter\u00a0\u00bb header_font_size=\u00a0\u00bb16px\u00a0\u00bb global_colors_info=\u00a0\u00bb{}\u00a0\u00bb][\/et_pb_blurb][\/et_pb_column_inner][et_pb_column_inner type=\u00a0\u00bb1_3&Prime; saved_specialty_column_type=\u00a0\u00bb3_4&Prime; module_class=\u00a0\u00bbblurb_col_2&Prime; _builder_version=\u00a0\u00bb4.5.1&Prime; _module_preset=\u00a0\u00bbdefault\u00a0\u00bb global_colors_info=\u00a0\u00bb{}\u00a0\u00bb][et_pb_blurb title=\u00a0\u00bbSanremo 2020 Vincitore Winner\u00a0\u00bb url=\u00a0\u00bbhttps:\/\/www.youtube.com\/watch?v=Qj6Jp76ra-A&#038;feature=youtu.be\u00a0\u00bb image=\u00a0\u00bbhttps:\/\/sanremofestival.info\/wp-content\/uploads\/2021\/08\/diodato-vincitore-sanremo-2020.jpg\u00a0\u00bb _builder_version=\u00a0\u00bb4.13.0&Prime; _module_preset=\u00a0\u00bbdefault\u00a0\u00bb header_font=\u00a0\u00bb|600|||||||\u00a0\u00bb header_text_align=\u00a0\u00bbcenter\u00a0\u00bb header_font_size=\u00a0\u00bb16px\u00a0\u00bb global_colors_info=\u00a0\u00bb{}\u00a0\u00bb][\/et_pb_blurb][\/et_pb_column_inner][et_pb_column_inner type=\u00a0\u00bb1_3&Prime; saved_specialty_column_type=\u00a0\u00bb3_4&Prime; module_class=\u00a0\u00bbblurb_col_3&Prime; _builder_version=\u00a0\u00bb4.5.1&Prime; _module_preset=\u00a0\u00bbdefault\u00a0\u00bb global_colors_info=\u00a0\u00bb{}\u00a0\u00bb][et_pb_blurb title=\u00a0\u00bbVideo Sanremo 2020&Prime; url=\u00a0\u00bbhttps:\/\/www.youtube.com\/watch?v=qqy1rSlcRMg&#038;feature=youtu.be\u00a0\u00bb image=\u00a0\u00bbhttps:\/\/sanremofestival.info\/wp-content\/uploads\/2021\/08\/sanremo2020-video-promo.jpg\u00a0\u00bb _builder_version=\u00a0\u00bb4.13.0&Prime; _module_preset=\u00a0\u00bbdefault\u00a0\u00bb header_font=\u00a0\u00bb|600|||||||\u00a0\u00bb header_text_align=\u00a0\u00bbcenter\u00a0\u00bb header_font_size=\u00a0\u00bb16px\u00a0\u00bb global_colors_info=\u00a0\u00bb{}\u00a0\u00bb][\/et_pb_blurb][\/et_pb_column_inner][\/et_pb_row_inner][et_pb_row_inner custom_padding_last_edited=\u00a0\u00bbon|phone\u00a0\u00bb _builder_version=\u00a0\u00bb4.5.1&Prime; _module_preset=\u00a0\u00bbdefault\u00a0\u00bb custom_padding_tablet=\u00a0\u00bb\u00a0\u00bb custom_padding_phone=\u00a0\u00bb||0px||false|false\u00a0\u00bb global_colors_info=\u00a0\u00bb{}\u00a0\u00bb][et_pb_column_inner saved_specialty_column_type=\u00a0\u00bb3_4&Prime; _builder_version=\u00a0\u00bb4.5.1&Prime; _module_preset=\u00a0\u00bbdefault\u00a0\u00bb global_colors_info=\u00a0\u00bb{}\u00a0\u00bb][et_pb_text _builder_version=\u00a0\u00bb4.14.2&Prime; _module_preset=\u00a0\u00bbdefault\u00a0\u00bb header_3_font=\u00a0\u00bb|700||on|||||\u00a0\u00bb header_3_font_size=\u00a0\u00bb24px\u00a0\u00bb hover_enabled=\u00a0\u00bb0&Prime; header_3_font_size_tablet=\u00a0\u00bb20px\u00a0\u00bb header_3_font_size_phone=\u00a0\u00bb\u00a0\u00bb header_3_font_size_last_edited=\u00a0\u00bbon|desktop\u00a0\u00bb header_3_letter_spacing_last_edited=\u00a0\u00bboff|desktop\u00a0\u00bb global_colors_info=\u00a0\u00bb{}\u00a0\u00bb sticky_enabled=\u00a0\u00bb0&Prime;]<\/p>\n<h3 style=\"text-align: left;\">Les soir\u00e9es du Festival de San Remo 2023<\/h3>\n<p>[\/et_pb_text][et_pb_code _builder_version=\u00a0\u00bb4.5.1&Prime; _module_preset=\u00a0\u00bbdefault\u00a0\u00bb global_colors_info=\u00a0\u00bb{}\u00a0\u00bb]<style>\n\t.events_posts_col {\n\t\tdisplay: flex;\n\t\twidth: 100%;\n\t\tflex-wrap: wrap;\n\t\tborder-bottom: 1px #d9d9d9 solid;\n\t\tpadding-bottom: 20px;\n\t\tmargin-bottom: 40px;\n\t}\n\t.event-img {\n\t\twidth: calc(25% - 47px);\n\t\tfloat: left;\n\t\tbackground: #eee;\n\t}\n\t.event-img p {\n\t\tfont-size: 21px;\n\t\tfont-weight: 600;\n\t\tcolor: #1b1b1b;\n\t\ttext-align: center;\n\t\tmargin-top: 12px;\n\t\tline-height: 27px;\n\t}\n\t.event_post_detail {\n\t\twidth: calc(75% - -10px);\n\t\tmargin-left: 30px;\n\t}\n\th3.ev2shr-title {\n\t\tpadding-bottom: 10px;\n\t\tfont-size: 26px;\n\t}\n\t.event_post_detail p.post-content {\n\t\tfont-size: 15px;\n\t\tmargin: 10px 0px;\n\t}\n\t.event_venue img {\n\t\tpadding-right: 11px;\n\t\twidth: 32px;\n\t}\n\t.event_hour {\n\t\tpadding-bottom: 10px;\n\t\tfont-size: 20px;\n\t}\n\t.event_venue {\n\t\tdisplay: flex;\n\t\tfont-size: 18px;\n\t}\n\t.events_posts_col h2 {\n\t\tfont-size: 17px;\n\t\tmargin: 18px 0px;\n\t\tline-height: 22px;\n\t\tpadding-bottom: 0px;\n\t}\n\t.event_tickets {\n\t\tdisplay: flex;\n\t\tjustify-content: space-between;\n\t}\n\t.event_tickets a:hover {\n\t\tbackground-color: #000\n\t}\n\t.event_tickets a {\n\t\ttext-transform: uppercase;\n\t\ttext-decoration: none;\n\t\tfloat: left;\n\t\tcolor: #fff;\n\t\tpadding: 5px 8px 5px 8px;\n\t\tborder-radius: 3px;\n\t\tbackground: #02c0f8;\n\t}\n\t.event_tickets p {\n\t\tcursor: default;\n\t\tfont-size: 30px;\n\t\tcolor: #eee;\n\t\ttext-transform: uppercase;\n\t}\n\t.event_tickets p:hover {\n\t\tcolor: #02c0f8; \n\t}\n@media (max-width: 767px) and (min-width: 481px) {\n\t.event-img p {\n    \tfont-size: 27px !important;\n    \tmargin-top: 15px !important;\n    \tline-height: 31px !important;\n\t}\n}\n@media (max-width: 980px) and (min-width: 481px){\n\t.event_post_detail {\n\t    width: 100%;\n\t    margin-left: 0px;\n\t    margin-top: 20px;\n\t}\n\t.event-img {\n    \twidth: 100%;\n\t}\n\t.event_post_detail {\n        width: calc(68% - -10px);\n        margin-left: 30px;\n    }\n    .event-img {\n        width: calc(29% - 47px);\n        float: left;\n    }\n    .event-img p {\n\t    font-size: 26px;\n\t    margin-top: 0px;\n\t    line-height: 31px;\n\t}\n\t.event_tickets p {\n\t\tfont-size: 27px;\n\t\tmargin-top: 10px;\n\t}\n}\n@media (max-width: 480px) {\n\t.event-img {\n\t    width: 100%;\n\t    margin-bottom: 20px;\n\t    text-align: center;\n\t    background: none;\n\t}\n\t.event_post_detail {\n\t\twidth: 100%;\n\t\tmargin-left: 0px;\n\t}\n\th3.event_title {\n    \tfont-size: 20px;\n\t}\n\t.event-img p {\n\t\tfont-size: 30px;\n\t}\n\t.event_hour {\n\t\tfont-size: 18px;\n\t}\n\t.event_venue {\n\t\tfont-size: 16px;\n\t}\n\t.event_venue img {\n\t\twidth: 30px;\n\t}\n\t.events_posts_col h2 {\n\t\tfont-size: 14px;\n\t}\n\t.event_tickets p {\n\t\tfont-size: 27px;\n\t\tmargin-top: 5px;\n\t}\n\t.events_posts_col:nth-last-child(1) {\n\t\tmargin-bottom: 0px;\n\t}\n}\n\n<\/style>\n<div class=\"home-width\">\n\t \t\t\t<div class=\"events_posts_col\"> \n\t\t\t\t<div class=\"event-img\">\n\t\t\t\t\t<img decoding=\"async\" src=\"https:\/\/sanremofestival.info\/wp-content\/uploads\/2015\/09\/teatro-ariston-sanremo-festival-180x2401-166x166.jpg\" alt=\"event-image\">\n\t\t\t\t\t<p>11 Feb 2025<\/p>\n\t\t\t\t<\/div>\t\t\n\t\t\t\t<div class=\"event_post_detail\">\t\n\t\t\t\t\t<h3 class=\"event_title\"><a href=\"https:\/\/sanremofestival.info\/fr\/event\/premiere-nuit-du-festival-de-san-remo\/\">1\u00b0 nuit du Festival de San Remo<\/a><\/h3>\n\t\t\t\t\t<div class=\"event_hour\">09:00 pm - 01:00 am<\/div>\t\n\t\t\t\t\t<div class=\"event_venue\"><img decoding=\"async\" src=\"https:\/\/sanremofestival.info\/wp-content\/themes\/Divi-Child-Theme\/images\/event-venue.png\">Th\u00e9\u00e2tre Ariston<\/div>\n\t\t\t\t\t<p class='post-content'>Le Festival de Sanremo 2025 se d\u00e9roulera du 11 au 15 f\u00e9vrier 2025 et f\u00eatera sa 75e \u00e9dition, anim\u00e9e par Carlo Conti.. De nombreux artistes...<\/p>\t\t\t\t\t<div class=\"event_tickets\"><a href=\"http:\/\/sanremofestival.info\/informazioni\/\" target=\"_blank\">Billets<\/a>\n\t\t\t\t\t<p class=\"event_week\">mardi<\/p><\/div>    \n\t\t\t\t<\/div>\n\t\t\t<\/div>\n\n\t \t\t\t<div class=\"events_posts_col\"> \n\t\t\t\t<div class=\"event-img\">\n\t\t\t\t\t<img decoding=\"async\" src=\"https:\/\/sanremofestival.info\/wp-content\/uploads\/2015\/09\/teatro-ariston-sanremo-festival-180x2401-166x166.jpg\" alt=\"event-image\">\n\t\t\t\t\t<p>12 Feb 2025<\/p>\n\t\t\t\t<\/div>\t\t\n\t\t\t\t<div class=\"event_post_detail\">\t\n\t\t\t\t\t<h3 class=\"event_title\"><a href=\"https:\/\/sanremofestival.info\/fr\/event\/deuxieme-nuit-du-festival-de-san-remo\/\">2\u00b0 nuit du Festival de San Remo<\/a><\/h3>\n\t\t\t\t\t<div class=\"event_hour\">09:00 pm - 01:00 am<\/div>\t\n\t\t\t\t\t<div class=\"event_venue\"><img decoding=\"async\" src=\"https:\/\/sanremofestival.info\/wp-content\/themes\/Divi-Child-Theme\/images\/event-venue.png\">Th\u00e9\u00e2tre Ariston<\/div>\n\t\t\t\t\t<p class='post-content'>Le Festival de Sanremo 2025 se d\u00e9roulera du 11 au 15 f\u00e9vrier 2025 et f\u00eatera sa 75e \u00e9dition, anim\u00e9e par Carlo Conti.. De nombreux artistes...<\/p>\t\t\t\t\t<div class=\"event_tickets\"><a href=\"http:\/\/sanremofestival.info\/informazioni\/\" target=\"_blank\">Billets<\/a>\n\t\t\t\t\t<p class=\"event_week\">mercredi<\/p><\/div>    \n\t\t\t\t<\/div>\n\t\t\t<\/div>\n\n\t \t\t\t<div class=\"events_posts_col\"> \n\t\t\t\t<div class=\"event-img\">\n\t\t\t\t\t<img decoding=\"async\" src=\"https:\/\/sanremofestival.info\/wp-content\/uploads\/2015\/09\/teatro-ariston-sanremo-festival-180x2401-166x166.jpg\" alt=\"event-image\">\n\t\t\t\t\t<p>13 Feb 2025<\/p>\n\t\t\t\t<\/div>\t\t\n\t\t\t\t<div class=\"event_post_detail\">\t\n\t\t\t\t\t<h3 class=\"event_title\"><a href=\"https:\/\/sanremofestival.info\/fr\/event\/troisieme-nuit-du-festival-de-san-remo\/\">3\u00b0 nuit du Festival de San Remo<\/a><\/h3>\n\t\t\t\t\t<div class=\"event_hour\">09:00 pm - 01:00 am<\/div>\t\n\t\t\t\t\t<div class=\"event_venue\"><img decoding=\"async\" src=\"https:\/\/sanremofestival.info\/wp-content\/themes\/Divi-Child-Theme\/images\/event-venue.png\">Th\u00e9\u00e2tre Ariston<\/div>\n\t\t\t\t\t<p class='post-content'>Le Festival de Sanremo 2025 se d\u00e9roulera du 11 au 15 f\u00e9vrier 2025 et f\u00eatera sa 75e \u00e9dition, anim\u00e9e par Carlo Conti.. De nombreux artistes...<\/p>\t\t\t\t\t<div class=\"event_tickets\"><a href=\"http:\/\/sanremofestival.info\/informazioni\/\" target=\"_blank\">Billets<\/a>\n\t\t\t\t\t<p class=\"event_week\">jeudi<\/p><\/div>    \n\t\t\t\t<\/div>\n\t\t\t<\/div>\n\n\t \t\t\t<div class=\"events_posts_col\"> \n\t\t\t\t<div class=\"event-img\">\n\t\t\t\t\t<img decoding=\"async\" src=\"https:\/\/sanremofestival.info\/wp-content\/uploads\/2015\/09\/teatro-ariston-sanremo-festival-180x2401-166x166.jpg\" alt=\"event-image\">\n\t\t\t\t\t<p>14 Feb 2025<\/p>\n\t\t\t\t<\/div>\t\t\n\t\t\t\t<div class=\"event_post_detail\">\t\n\t\t\t\t\t<h3 class=\"event_title\"><a href=\"https:\/\/sanremofestival.info\/fr\/event\/quatrieme-nuit-du-festival-de-san-remo\/\">4\u00b0 nuit du Festival de San Remo<\/a><\/h3>\n\t\t\t\t\t<div class=\"event_hour\">09:00 pm - 01:00 am<\/div>\t\n\t\t\t\t\t<div class=\"event_venue\"><img decoding=\"async\" src=\"https:\/\/sanremofestival.info\/wp-content\/themes\/Divi-Child-Theme\/images\/event-venue.png\">Th\u00e9\u00e2tre Ariston<\/div>\n\t\t\t\t\t<p class='post-content'>Le Festival de Sanremo 2025 se d\u00e9roulera du 11 au 15 f\u00e9vrier 2025 et f\u00eatera sa 75e \u00e9dition, anim\u00e9e par Carlo Conti.. De nombreux artistes...<\/p>\t\t\t\t\t<div class=\"event_tickets\"><a href=\"http:\/\/sanremofestival.info\/informazioni\/\" target=\"_blank\">Billets<\/a>\n\t\t\t\t\t<p class=\"event_week\">vendredi<\/p><\/div>    \n\t\t\t\t<\/div>\n\t\t\t<\/div>\n\n\t \t\t\t<div class=\"events_posts_col\"> \n\t\t\t\t<div class=\"event-img\">\n\t\t\t\t\t<img decoding=\"async\" src=\"https:\/\/sanremofestival.info\/wp-content\/uploads\/2015\/09\/teatro-ariston-sanremo-festival-180x2401-166x166.jpg\" alt=\"event-image\">\n\t\t\t\t\t<p>15 Feb 2025<\/p>\n\t\t\t\t<\/div>\t\t\n\t\t\t\t<div class=\"event_post_detail\">\t\n\t\t\t\t\t<h3 class=\"event_title\"><a href=\"https:\/\/sanremofestival.info\/fr\/event\/quinzieme-nuit-du-festival-de-san-remo\/\">5\u00b0 nuit du Festival de San Remo<\/a><\/h3>\n\t\t\t\t\t<div class=\"event_hour\">09:00 pm - 01:00 am<\/div>\t\n\t\t\t\t\t<div class=\"event_venue\"><img decoding=\"async\" src=\"https:\/\/sanremofestival.info\/wp-content\/themes\/Divi-Child-Theme\/images\/event-venue.png\">Th\u00e9\u00e2tre Ariston<\/div>\n\t\t\t\t\t<p class='post-content'>Le Festival de Sanremo 2025 se d\u00e9roulera du 11 au 15 f\u00e9vrier 2025 et f\u00eatera sa 75e \u00e9dition, anim\u00e9e par Carlo Conti.. De nombreux artistes...<\/p>\t\t\t\t\t<div class=\"event_tickets\"><a href=\"http:\/\/sanremofestival.info\/informazioni\/\" target=\"_blank\">Billets<\/a>\n\t\t\t\t\t<p class=\"event_week\">samedi<\/p><\/div>    \n\t\t\t\t<\/div>\n\t\t\t<\/div>\n\n\t <\/div>\n\n\t[\/et_pb_code][\/et_pb_column_inner][\/et_pb_row_inner][\/et_pb_column][et_pb_column type=\u00a0\u00bb1_4&Prime; _builder_version=\u00a0\u00bb3.25&Prime; custom_padding=\u00a0\u00bb|||\u00a0\u00bb global_colors_info=\u00a0\u00bb{}\u00a0\u00bb custom_padding__hover=\u00a0\u00bb|||\u00a0\u00bb][et_pb_sidebar orientation=\u00a0\u00bbright\u00a0\u00bb module_class=\u00a0\u00bbsidebar-main\u00a0\u00bb _builder_version=\u00a0\u00bb4.5.1&Prime; _module_preset=\u00a0\u00bbdefault\u00a0\u00bb global_colors_info=\u00a0\u00bb{}\u00a0\u00bb][\/et_pb_sidebar][\/et_pb_column][\/et_pb_section]<\/p>\n","protected":false},"excerpt":{"rendered":"<p>[et_pb_section fb_built=\u00a0\u00bb1&Prime; fullwidth=\u00a0\u00bbon\u00a0\u00bb _builder_version=\u00a0\u00bb4.14.2&Prime; _module_preset=\u00a0\u00bbdefault\u00a0\u00bb global_colors_info=\u00a0\u00bb{}\u00a0\u00bb][et_pb_fullwidth_slider _builder_version=\u00a0\u00bb4.14.2&Prime; _module_preset=\u00a0\u00bbdefault\u00a0\u00bb header_font=\u00a0\u00bbPoppins||||||||\u00a0\u00bb header_font_size=\u00a0\u00bb61px\u00a0\u00bb min_height=\u00a0\u00bb450px\u00a0\u00bb locked=\u00a0\u00bboff\u00a0\u00bb global_colors_info=\u00a0\u00bb{}\u00a0\u00bb][et_pb_slide heading=\u00a0\u00bbSANREMO FESTIVAL 2023&Prime; _builder_version=\u00a0\u00bb4.14.2&Prime; _module_preset=\u00a0\u00bbdefault\u00a0\u00bb header_font=\u00a0\u00bbPoppins|700|||||||\u00a0\u00bb header_font_size=\u00a0\u00bb42px\u00a0\u00bb body_font_size=\u00a0\u00bb36px\u00a0\u00bb background_image=\u00a0\u00bbhttps:\/\/sanremofestival.info\/wp-content\/uploads\/2021\/08\/amadeus-sanremo-festival-2020.jpg\u00a0\u00bb background_enable_image=\u00a0\u00bbon\u00a0\u00bb header_text_shadow_style=\u00a0\u00bbpreset1&Prime; locked=\u00a0\u00bboff\u00a0\u00bb global_colors_info=\u00a0\u00bb{}\u00a0\u00bb sticky_transition=\u00a0\u00bbon\u00a0\u00bb] Du 7 au 11 F\u00e9vrier [\/et_pb_slide][et_pb_slide _builder_version=\u00a0\u00bb4.14.2&Prime; _module_preset=\u00a0\u00bbdefault\u00a0\u00bb background_image=\u00a0\u00bbhttps:\/\/sanremofestival.info\/wp-content\/uploads\/2017\/09\/teatro-ariston-festival-di-sanremo.jpeg\u00a0\u00bb background_enable_image=\u00a0\u00bbon\u00a0\u00bb locked=\u00a0\u00bboff\u00a0\u00bb global_colors_info=\u00a0\u00bb{}\u00a0\u00bb sticky_transition=\u00a0\u00bbon\u00a0\u00bb][\/et_pb_slide][\/et_pb_fullwidth_slider][\/et_pb_section][et_pb_section fb_built=\u00a0\u00bb1&Prime; specialty=\u00a0\u00bbon\u00a0\u00bb module_class=\u00a0\u00bbhome_page_section_sidebar\u00a0\u00bb _builder_version=\u00a0\u00bb4.5.1&Prime; _module_preset=\u00a0\u00bbdefault\u00a0\u00bb custom_padding=\u00a0\u00bb0px||||false|false\u00a0\u00bb global_colors_info=\u00a0\u00bb{}\u00a0\u00bb][et_pb_column type=\u00a0\u00bb3_4&Prime; specialty_columns=\u00a0\u00bb3&Prime; _builder_version=\u00a0\u00bb3.25&Prime; custom_padding=\u00a0\u00bb|||\u00a0\u00bb global_colors_info=\u00a0\u00bb{}\u00a0\u00bb custom_padding__hover=\u00a0\u00bb|||\u00a0\u00bb][et_pb_row_inner _builder_version=\u00a0\u00bb4.5.1&Prime; _module_preset=\u00a0\u00bbdefault\u00a0\u00bb [&hellip;]<\/p>\n","protected":false},"author":1,"featured_media":0,"parent":0,"menu_order":0,"comment_status":"closed","ping_status":"closed","template":"","meta":{"_et_pb_use_builder":"on","_et_pb_old_content":"[title]Video du Festival de Sanremo[\/title]\r\n\r\n[video]\r\n\r\n[title]Les soir\u00e9es du Festival de San Remo 2020[\/title]\r\n[event2sty items=5 order=asc]","_et_gb_content_width":"","footnotes":""},"class_list":["post-257908","page","type-page","status-publish","hentry"],"_links":{"self":[{"href":"https:\/\/sanremofestival.info\/fr\/wp-json\/wp\/v2\/pages\/257908","targetHints":{"allow":["GET"]}}],"collection":[{"href":"https:\/\/sanremofestival.info\/fr\/wp-json\/wp\/v2\/pages"}],"about":[{"href":"https:\/\/sanremofestival.info\/fr\/wp-json\/wp\/v2\/types\/page"}],"author":[{"embeddable":true,"href":"https:\/\/sanremofestival.info\/fr\/wp-json\/wp\/v2\/users\/1"}],"replies":[{"embeddable":true,"href":"https:\/\/sanremofestival.info\/fr\/wp-json\/wp\/v2\/comments?post=257908"}],"version-history":[{"count":26,"href":"https:\/\/sanremofestival.info\/fr\/wp-json\/wp\/v2\/pages\/257908\/revisions"}],"predecessor-version":[{"id":442590,"href":"https:\/\/sanremofestival.info\/fr\/wp-json\/wp\/v2\/pages\/257908\/revisions\/442590"}],"wp:attachment":[{"href":"https:\/\/sanremofestival.info\/fr\/wp-json\/wp\/v2\/media?parent=257908"}],"curies":[{"name":"wp","href":"https:\/\/api.w.org\/{rel}","templated":true}]}}